{"id":201,"date":"2022-08-16T20:18:28","date_gmt":"2022-08-16T18:18:28","guid":{"rendered":"https:\/\/cartacalmachicha.com\/inicio\/"},"modified":"2023-04-18T09:02:39","modified_gmt":"2023-04-18T07:02:39","slug":"inicio","status":"publish","type":"page","link":"https:\/\/cartacalmachicha.com\/fr\/inicio\/","title":{"rendered":"Menu"},"content":{"rendered":"\t\t<div data-elementor-type=\"wp-page\" data-elementor-id=\"201\" class=\"elementor elementor-201\" data-elementor-post-type=\"page\">\n\t\t\t\t\t\t<section class=\"elementor-section elementor-top-section elementor-element elementor-element-abe3411 elementor-section-height-min-height elementor-section-boxed elementor-section-height-default elementor-section-items-middle\" data-id=\"abe3411\" data-element_type=\"section\" data-settings=\"{&quot;background_background&quot;:&quot;classic&quot;}\">\n\t\t\t\t\t\t<div class=\"elementor-container elementor-column-gap-default\">\n\t\t\t\t\t<div class=\"elementor-column elementor-col-100 elementor-top-column elementor-element elementor-element-16a6781\" data-id=\"16a6781\" data-element_type=\"column\">\n\t\t\t<div class=\"elementor-widget-wrap\">\n\t\t\t\t\t\t\t<\/div>\n\t\t<\/div>\n\t\t\t\t\t<\/div>\n\t\t<\/section>\n\t\t\t\t<section class=\"elementor-section elementor-top-section elementor-element elementor-element-a1cee94 elementor-section-boxed elementor-section-height-default elementor-section-height-default\" data-id=\"a1cee94\" data-element_type=\"section\" data-settings=\"{&quot;background_background&quot;:&quot;classic&quot;}\">\n\t\t\t\t\t\t<div class=\"elementor-container elementor-column-gap-default\">\n\t\t\t\t\t<div class=\"elementor-column elementor-col-100 elementor-top-column elementor-element elementor-element-44da6eb\" data-id=\"44da6eb\" data-element_type=\"column\">\n\t\t\t<div class=\"elementor-widget-wrap elementor-element-populated\">\n\t\t\t\t\t\t<div class=\"elementor-element elementor-element-993cb11 elementor-tabs-alignment-center elementor-tabs-view-horizontal elementor-widget elementor-widget-tabs\" data-id=\"993cb11\" data-element_type=\"widget\" data-widget_type=\"tabs.default\">\n\t\t\t\t<div class=\"elementor-widget-container\">\n\t\t\t\t\t\t\t<div class=\"elementor-tabs\">\n\t\t\t<div class=\"elementor-tabs-wrapper\" role=\"tablist\" >\n\t\t\t\t\t\t\t\t\t<div id=\"elementor-tab-title-1601\" class=\"elementor-tab-title elementor-tab-desktop-title\" aria-selected=\"true\" data-tab=\"1\" role=\"tab\" tabindex=\"0\" aria-controls=\"elementor-tab-content-1601\" aria-expanded=\"false\">Nos entr\u00e9es<\/div>\n\t\t\t\t\t\t\t\t\t<div id=\"elementor-tab-title-1602\" class=\"elementor-tab-title elementor-tab-desktop-title\" aria-selected=\"false\" data-tab=\"2\" role=\"tab\" tabindex=\"-1\" aria-controls=\"elementor-tab-content-1602\" aria-expanded=\"false\">De la mer<\/div>\n\t\t\t\t\t\t\t\t\t<div id=\"elementor-tab-title-1603\" class=\"elementor-tab-title elementor-tab-desktop-title\" aria-selected=\"false\" data-tab=\"3\" role=\"tab\" tabindex=\"-1\" aria-controls=\"elementor-tab-content-1603\" aria-expanded=\"false\">Nos viandes<\/div>\n\t\t\t\t\t\t\t\t\t<div id=\"elementor-tab-title-1604\" class=\"elementor-tab-title elementor-tab-desktop-title\" aria-selected=\"false\" data-tab=\"4\" role=\"tab\" tabindex=\"-1\" aria-controls=\"elementor-tab-content-1604\" aria-expanded=\"false\">Accompagnements<\/div>\n\t\t\t\t\t\t\t\t\t<div id=\"elementor-tab-title-1605\" class=\"elementor-tab-title elementor-tab-desktop-title\" aria-selected=\"false\" data-tab=\"5\" role=\"tab\" tabindex=\"-1\" aria-controls=\"elementor-tab-content-1605\" aria-expanded=\"false\">Desserts<\/div>\n\t\t\t\t\t\t\t\t\t<div id=\"elementor-tab-title-1606\" class=\"elementor-tab-title elementor-tab-desktop-title\" aria-selected=\"false\" data-tab=\"6\" role=\"tab\" tabindex=\"-1\" aria-controls=\"elementor-tab-content-1606\" aria-expanded=\"false\">Menu d\u00e9gustation<\/div>\n\t\t\t\t\t\t\t\t\t<div id=\"elementor-tab-title-1607\" class=\"elementor-tab-title elementor-tab-desktop-title\" aria-selected=\"false\" data-tab=\"7\" role=\"tab\" tabindex=\"-1\" aria-controls=\"elementor-tab-content-1607\" aria-expanded=\"false\">Menu du jour<\/div>\n\t\t\t\t\t\t\t\t\t<div id=\"elementor-tab-title-1608\" class=\"elementor-tab-title elementor-tab-desktop-title\" aria-selected=\"false\" data-tab=\"8\" role=\"tab\" tabindex=\"-1\" aria-controls=\"elementor-tab-content-1608\" aria-expanded=\"false\">Vins et Bi\u00e8res<\/div>\n\t\t\t\t\t\t\t<\/div>\n\t\t\t<div class=\"elementor-tabs-content-wrapper\" role=\"tablist\" aria-orientation=\"vertical\">\n\t\t\t\t\t\t\t\t\t<div class=\"elementor-tab-title elementor-tab-mobile-title\" aria-selected=\"true\" data-tab=\"1\" role=\"tab\" tabindex=\"0\" aria-controls=\"elementor-tab-content-1601\" aria-expanded=\"false\">Nos entr\u00e9es<\/div>\n\t\t\t\t\t<div id=\"elementor-tab-content-1601\" class=\"elementor-tab-content elementor-clearfix\" data-tab=\"1\" role=\"tabpanel\" aria-labelledby=\"elementor-tab-title-1601\" tabindex=\"0\" hidden=\"false\"><p style=\"text-align: center;\">Cr\u00e8me de volaille et champignons au parfum de feuille de lime kafir, d&rsquo;herbes et d&rsquo;\u00e9pices orientales \u2026 11\u20ac<\/p><p style=\"text-align: center;\">Poulpe brais\u00e9 avec pur\u00e9e de betteraves r\u00f4ties, tomates cerises r\u00f4ties, a\u00efoli \u00e0 l&rsquo;encre et pommes de terre au paprika \u2026 18.50\u20ac<\/p><p style=\"text-align: center;\">\u00a0carpaccio d&rsquo;\u00e9paule de porc ib\u00e9rique marin\u00e9s aux herbes aromatiques, fromage fum\u00e9 des Canaries, grenade et vinaigrette aux pignons de pin \u2026 12,50\u20ac<\/p><p style=\"text-align: center;\">Coquilles Saint-Jacques saut\u00e9es, \u00e9mulsion de curry vert , et \u00a0l\u00e9gumes marin\u00e9s au mirin \u2026 17,50\u20ac<\/p><p style=\"text-align: center;\">Tartare de crevettes sauvages marin\u00e9es au jus de ceviche, sur cr\u00e8me de coco et kaffir, glace au gingembre \u2026 17\u20ac<\/p><p style=\"text-align: center;\">Terrine de foie gras de canard maison, pur\u00e9e de banane canarienne, pomme, gel d&rsquo;amaretto et croustillant de cacao \u2026 15\u20ac<\/p><p style=\"text-align: center;\">Carpaccio de thon rouge \u00e0 la vinaigrette de papaye verte, glace \u00e0 l&rsquo;avocat et salade de jeunes pousses \u2026 17\u20ac<\/p><p style=\"text-align: center;\">salade 57 ; Mozzarella de bufflonne, carpaccio de b\u0153uf s\u00e9ch\u00e9, copeaux de parmesan, orange \u2026 13.50\u20ac<\/p><p style=\"text-align: center;\">Salade ti\u00e8de de l\u00e9gumes \u00ab\u00a0al dente\u00a0\u00bb sur humus de betterave, crumble sal\u00e9 et huile de noisette \u2026 11.50\u20ac<\/p><\/div>\n\t\t\t\t\t\t\t\t\t<div class=\"elementor-tab-title elementor-tab-mobile-title\" aria-selected=\"false\" data-tab=\"2\" role=\"tab\" tabindex=\"-1\" aria-controls=\"elementor-tab-content-1602\" aria-expanded=\"false\">De la mer<\/div>\n\t\t\t\t\t<div id=\"elementor-tab-content-1602\" class=\"elementor-tab-content elementor-clearfix\" data-tab=\"2\" role=\"tabpanel\" aria-labelledby=\"elementor-tab-title-1602\" tabindex=\"0\" hidden=\"hidden\"><p style=\"text-align: center;\">Encornets grill\u00e9s sur risotto truff\u00e9, copeaux de foie mi-cuit, cr\u00e8me d&rsquo;encre et a\u00efoli au wasabi \u2026 17.50\u20ac<\/p><p style=\"text-align: center;\">Casserole de pompono (pompaneaux) \u00a0fa\u00e7on tha\u00ef, avec champignons orientaux, amarante, fenouil et edamame \u2026 21\u20ac<\/p><p style=\"text-align: center;\">Filet de cabillaud marin\u00e9 au miso et grill\u00e9 avec sauce cava et yuz\u00fa et racine de lotus croquante \u2026 21\u20ac<\/p><p style=\"text-align: center;\">Filet de turbot grill\u00e9, sauce gingembre et citron vert, pur\u00e9e de panais, croustillant d&rsquo;amandes et air de persil \u2026 23\u20ac<\/p><p style=\"text-align: center;\">Filet de sama ( vivaneau rouge ) grill\u00e9 avec casse de tomates \u00e9pic\u00e9es, crevettes brais\u00e9es et bisque de fruits de mer \u2026 23\u20ac<\/p><\/div>\n\t\t\t\t\t\t\t\t\t<div class=\"elementor-tab-title elementor-tab-mobile-title\" aria-selected=\"false\" data-tab=\"3\" role=\"tab\" tabindex=\"-1\" aria-controls=\"elementor-tab-content-1603\" aria-expanded=\"false\">Nos viandes<\/div>\n\t\t\t\t\t<div id=\"elementor-tab-content-1603\" class=\"elementor-tab-content elementor-clearfix\" data-tab=\"3\" role=\"tabpanel\" aria-labelledby=\"elementor-tab-title-1603\" tabindex=\"0\" hidden=\"hidden\"><p style=\"text-align: center;\">Surlonge de b\u0153uf galicien\u00a0 grill\u00e9 et en filets, huile de truffe et flocons de sel fum\u00e9 \u2026 27 ,50\u20ac<\/p><p style=\"text-align: center;\">Agneau de lait d\u00e9soss\u00e9 r\u00f4ti \u00e0 basse temp\u00e9rature, pur\u00e9e de c\u00e8pes, figues, poire r\u00f4tie et sauce au thym \u2026 24\u20ac<\/p><p style=\"text-align: center;\">Joues de b\u0153uf brais\u00e9es au Porto et Armagnac, humus d&rsquo;aubergines et pousses de lentilles au curry \u2026 22\u20ac<\/p><p style=\"text-align: center;\">Echine de cerf r\u00f4tie sauce aux cerises, \u00e9chalotes confites et pur\u00e9e de pomme de terre violette \u00a0parfum\u00e9e \u00e0 la r\u00e9glisse \u2026 23\u20ac<\/p><p style=\"text-align: center;\">steak tartare, avec copeaux de foie, \u0153uf \u00e0 la coque \u00e0 basse temp\u00e9rature, moutarde verte, betterave et truffe \u2026 22\u20ac<\/p><\/div>\n\t\t\t\t\t\t\t\t\t<div class=\"elementor-tab-title elementor-tab-mobile-title\" aria-selected=\"false\" data-tab=\"4\" role=\"tab\" tabindex=\"-1\" aria-controls=\"elementor-tab-content-1604\" aria-expanded=\"false\">Accompagnements<\/div>\n\t\t\t\t\t<div id=\"elementor-tab-content-1604\" class=\"elementor-tab-content elementor-clearfix\" data-tab=\"4\" role=\"tabpanel\" aria-labelledby=\"elementor-tab-title-1604\" tabindex=\"0\" hidden=\"hidden\"><p style=\"text-align: center;\">Pommes de terre truff\u00e9es \u2026 5<\/p><p style=\"text-align: center;\">Pommes de terre\u00a0 des canaries avec mojo \u2026 5<\/p><p style=\"text-align: center;\">Tomates cerises \u00e0 l&rsquo;origan et \u00e0 l&rsquo;oignon \u2026 5<\/p><p style=\"text-align: center;\">Salad vert \u2026 5<\/p><p style=\"text-align: center;\">L\u00e9gumes saut\u00e9s au basilic \u2026 5<\/p><\/div>\n\t\t\t\t\t\t\t\t\t<div class=\"elementor-tab-title elementor-tab-mobile-title\" aria-selected=\"false\" data-tab=\"5\" role=\"tab\" tabindex=\"-1\" aria-controls=\"elementor-tab-content-1605\" aria-expanded=\"false\">Desserts<\/div>\n\t\t\t\t\t<div id=\"elementor-tab-content-1605\" class=\"elementor-tab-content elementor-clearfix\" data-tab=\"5\" role=\"tabpanel\" aria-labelledby=\"elementor-tab-title-1605\" tabindex=\"0\" hidden=\"hidden\"><p style=\"font-size: 1.3em; text-align: center;\"><strong>Les douces tentations de notre chef p\u00e2tissier Yazael<\/strong><\/p><p style=\"text-align: center;\">\u201cTemple du Chocolat \u201c: Bavarois Chocolat \u00c9pic\u00e9, Chocolat Blanc, Pralin\u00e9 Cacahu\u00e8te et Glace Gingembre \u2026 9\u20ac<\/p><p style=\"text-align: center;\">\u201cPurple rain\u201d : semifreddo de mascarpone au c\u0153ur de violette, macaron \u00e0 la m\u00fbre et mousse au chocolat blanc \u2026 8.50\u20ac<\/p><p style=\"text-align: center;\">\u201cFestival Tropical \u201c : Mousse coco et kaffir, mousse yuzu et coulis passion \u2026 9\u20ac<\/p><p style=\"text-align: center;\">Panna cotta au fromage de brebis, cr\u00e9meux de betterave et glace \u00e0 la muscade \u2026 8,50\u20ac<\/p><p style=\"text-align: center;\">Tiramisu \u00e0 la mani\u00e8re du Chef P\u00e2tissier Yazael \u2026 8\u20ac<\/p><p style=\"text-align: center;\">Sorbets et glaces (demandez nos saveurs) \u2026 6,50\u20ac<\/p><\/div>\n\t\t\t\t\t\t\t\t\t<div class=\"elementor-tab-title elementor-tab-mobile-title\" aria-selected=\"false\" data-tab=\"6\" role=\"tab\" tabindex=\"-1\" aria-controls=\"elementor-tab-content-1606\" aria-expanded=\"false\">Menu d\u00e9gustation<\/div>\n\t\t\t\t\t<div id=\"elementor-tab-content-1606\" class=\"elementor-tab-content elementor-clearfix\" data-tab=\"6\" role=\"tabpanel\" aria-labelledby=\"elementor-tab-title-1606\" tabindex=\"0\" hidden=\"hidden\"><p style=\"font-size: 1.3em; text-align: center;\"><strong>Servi UNIQUEMENT \u00e0 table compl\u00e8te<\/strong><\/p><p style=\"text-align: center;\">Cr\u00e8me de volaille\u00a0 au parfum de feuille de lime kafir, d&rsquo;herbes et d&rsquo;\u00e9pices orientales<\/p><p style=\"text-align: center;\">Carpaccio d&rsquo;\u00e9paule de porc ib\u00e9rique marin\u00e9s aux herbes aromatiques, fromage fum\u00e9 des Canaries, grenade et vinaigrette aux pignons de pin<\/p><p style=\"text-align: center;\">Encornets grill\u00e9s sur risotto truff\u00e9, copeaux de foie mi-cuit, cr\u00e8me d&rsquo;encre et a\u00efoli au wasabi<\/p><p style=\"text-align: center;\">Pour purifier le palais\u2026.un sorbet<\/p><p style=\"text-align: center;\">Filet de cabillaud marin\u00e9 au miso et grill\u00e9 avec sauce cava et yuz\u00fa et racine de lotus croquante<\/p><p style=\"text-align: center;\">Echine de cerf r\u00f4tie sauce aux cerises, \u00e9chalotes confites et pur\u00e9e de pomme de terre violette\u00a0 parfum\u00e9e \u00e0 la r\u00e9glisse<\/p><p style=\"text-align: center;\">Fraises Marin\u00e9es, Glace au Poivre de Sichuan et Voile de Champagne<\/p><p style=\"text-align: center;\">\u201cFestival Tropical \u201c : Mousse coco et kaffir lime, mousse yuzu et coulis au fruit de la passion<\/p><\/div>\n\t\t\t\t\t\t\t\t\t<div class=\"elementor-tab-title elementor-tab-mobile-title\" aria-selected=\"false\" data-tab=\"7\" role=\"tab\" tabindex=\"-1\" aria-controls=\"elementor-tab-content-1607\" aria-expanded=\"false\">Menu du jour<\/div>\n\t\t\t\t\t<div id=\"elementor-tab-content-1607\" class=\"elementor-tab-content elementor-clearfix\" data-tab=\"7\" role=\"tabpanel\" aria-labelledby=\"elementor-tab-title-1607\" tabindex=\"0\" hidden=\"hidden\"><p style=\"font-size: 1.3em; text-align: center;\"><strong>Servido s\u00f3lo hasta las 21;00 \/ only served untill 21;00<\/strong><\/p><p style=\"text-align: center;\">28 \u20acpp<br \/>Incluided: 1 starters, 1 main and dessert<br \/>LOS MEN\u00daS NO SE SIRVEN PARA COMPARTIR<\/p><p style=\"text-align: center;\">Starters to choose<br \/>Crema de zanahoria con espuma de leche de almendras y tierra de frutos secos<br \/>Carrot cream soup with almond milk foam and crunchy nuts<br \/>Soupe de carottes \u00e0 la mousse de lait d&rsquo;amande et aux noix croquantes<br \/>Wortelsoep met amandelmelkschuim en knapperige noten<br \/>Karottensuppe mit Mandelmilchschaum und knackigen N\u00fcssen<\/p><p style=\"text-align: center;\">Or<br \/>Carpaccio de bacalao sobre pulpa de tomate, ali\u00f1o de manzana acida y apio y brotes tiernos<br \/>Cod carpaccio on tomato pulp, sour apple and celery dressing and baby sprouts salad<br \/>Carpaccio de cabillaud sur pulpe de tomate, vinaigrette pomme acidul\u00e9e et c\u00e9leri et salade de jeunes pousses<br \/>Carpaccio van kabeljauw op tomatenpulp, zure appel-selderijdressing en babyspruitensalade<br \/>Kabeljau-Carpaccio auf Tomatenmark, Sauerapfel-Sellerie-Dressing und Babysprossensalat<\/p><p style=\"text-align: center;\">Main courses to choose<br \/>Costillar de cerdo ib\u00e9rico asado con melaza y soja, acompa\u00f1ado de compota de manzana asada<br \/>Iberian pork ribs roasted with molasses and soy, accompanied by roasted apple compote<br \/>C\u00f4tes de porc ib\u00e9rique r\u00f4ties \u00e0 la m\u00e9lasse et au soja, accompagn\u00e9es d&rsquo;une compote de pommes r\u00f4ties<br \/>Iberische varkensribbetjes geroosterd met melasse en soja, vergezeld van geroosterde appelcompote<br \/>Mit Melasse und Soja gebratene iberische Schweinerippchen, begleitet von ger\u00f6stetem Apfelkompott<br \/>Or<br \/>Suquet de pescados y mariscos en salsa marinera al patxar\u00e1n<br \/>Fish and shellfish casserole in marinara sauce flavored with patxar\u00e1n<br \/>Casserole de poisson et fruits de mer sauce marinara parfum\u00e9e au patxar\u00e1n<br \/>Vis- en zeevruchtenschotel met marinarasaus op smaak gebracht met patxar\u00e1n<br \/>Fisch- und Meeresfr\u00fcchte-Auflauf mit Marinara-Sauce, gew\u00fcrzt mit Patxar\u00e1n<\/p><p style=\"text-align: center;\">Desserts<br \/>Brownie de chocolate blanco con helado de chocolate negro<br \/>White chocolate brownie with dark chocolate ice cream<br \/>Brownie au chocolat blanc avec glace au chocolat noir<br \/>Witte chocolade brownie met donkere chocolade ijs<br \/>Wei\u00dfe Schokoladenbrownie mit dunkler Schokoladeneiscreme<\/p><p style=\"text-align: center;\">Or<\/p><p style=\"text-align: center;\">Fresas maceradas en vino de Madeira con helado de flor de leche<br \/>Strawberries marinated in Madeira wine with cream ice cream<br \/>Fraises marin\u00e9es au Mad\u00e8re avec glace \u00e0 la cr\u00e8me<br \/>Aardbeien gemarineerd in Madeira wijn met roomijs<br \/>In Madeirawein marinierte Erdbeeren mit Sahneeis<\/p><\/div>\n\t\t\t\t\t\t\t\t\t<div class=\"elementor-tab-title elementor-tab-mobile-title\" aria-selected=\"false\" data-tab=\"8\" role=\"tab\" tabindex=\"-1\" aria-controls=\"elementor-tab-content-1608\" aria-expanded=\"false\">Vins et Bi\u00e8res<\/div>\n\t\t\t\t\t<div id=\"elementor-tab-content-1608\" class=\"elementor-tab-content elementor-clearfix\" data-tab=\"8\" role=\"tabpanel\" aria-labelledby=\"elementor-tab-title-1608\" tabindex=\"0\" hidden=\"hidden\"><p style=\"text-align: center; background: #CF0A2C; color: #ffffff; padding: 0px 20px; margin: 0 auto 15px; max-width: fit-content;\">Los vinos tintos\/ Red wines<\/p><p style=\"text-align: center; line-height: 1em;\">La Vendimia \u2026 24\u20ac<br \/><span style=\"font-size: 0.8em;\">2019, DO Rioja . Grapes: 50% tempranillo y 50% garnacha.5 months aged<\/span><\/p><p style=\"text-align: center; line-height: 1em;\">Letras min\u00fasculas \u2026 26\u20ac<br \/><span style=\"font-size: 0.8em;\">2020, DO Rioja. Grapes: tempranillo, garnacha, graciano. 8 montes aged<\/span><\/p><p style=\"text-align: center; line-height: 1em;\">Altanza Gran reserva \u2026 42\u20ac<br \/><span style=\"font-size: 0.8em;\">2015, D.O. Rioja . Grapes ; 100% tempranillo, 24 months aged<\/span><\/p><p style=\"text-align: center; line-height: 1em;\">Figuero 4 \u2026 25\u20ac<br \/><span style=\"font-size: 0.8em;\">2020, D.O. Ribera del Duero. Grapes: tinto fino 100%, aged 4 months<\/span><\/p><p style=\"text-align: center; line-height: 1em;\">Origen, de resallte \u2026 38\u20ac<br \/><span style=\"font-size: 0.8em;\">2019,\u00a0 D.O. Ribera del Duero . Grapes ; Tinto fino 100% aged 15 months<\/span><\/p><p style=\"text-align: center; line-height: 1em;\">Ant\u00eddoto\u00a0crza \u2026 32\u20ac<br \/><span style=\"font-size: 0.8em;\">2020, D.O. Ribera del Duero. Grapes ; 100% tinto fino, aged 10 months<\/span><\/p><p style=\"text-align: center; line-height: 1em;\">Enate cabernet-merlot \u2026 27\u20ac<br \/><span style=\"font-size: 0.8em;\">2020, D.O Somontano. Grapes 80% cabernet Sauvig. 20% merlot, Aged 6 months<\/span><\/p><p style=\"text-align: center; line-height: 1em;\">Vi\u00f1as del Vero merlot \u2026 29\u20ac<br \/><span style=\"font-size: 0.8em;\">2020, D.O. Somontano, Grape 100% merlot, Aged 10 monts<\/span><\/p><p style=\"text-align: center; line-height: 1em;\">Godelia, mencia \u2026 29\u20ac<br \/><span style=\"font-size: 0.8em;\">D.O. Bierzo, grape 100% Menc\u00eda ,12 month aged<\/span><\/p><p style=\"text-align: center; line-height: 1em;\">Le gardeta syrah \u2026 29\u20ac<br \/><span style=\"font-size: 0.8em;\">2019 , D.O. Navarra.\u00a0 grape ; 100% syrah, aged 12 month in frech oak barrils<\/span><\/p><p style=\"text-align: center; line-height: 1em;\">Citius Pinot Noir \u2026 38\u20ac<br \/><span style=\"font-size: 0.8em;\">2018,\u00a0 Castilla y Le\u00f3n. Grape; 100% pinot noir , aged 18month french oak barril<\/span><\/p><p style=\"text-align: center; line-height: 1em;\">Albret La Loma, garnacha \u2026 26\u20ac<br \/><span style=\"font-size: 0.8em;\">2018, D.O. Navarra, grape; 100% Grenache, aged 4 month in frech oak barril<\/span><\/p><p>\u00a0<\/p><p style=\"text-align: center; background: #CF0A2C; color: #ffffff; padding: 0px 20px; margin: 0 auto 15px; max-width: fit-content;\">Vinos tintos por copa \/ red wines by glass<\/p><p style=\"text-align: center;\">Rioja o ribera del duero \u2026 6,5\u20ac<\/p><p style=\"text-align: center;\">Merlot \u2026 7,5\u20ac<\/p><p style=\"text-align: center;\">Mencia \u2026 7,5\u20ac<\/p><p style=\"text-align: center;\">Syrah \u2026 7,5\u20ac<\/p><p style=\"text-align: center;\">Garnacha \u2026 7\u20ac<\/p><p style=\"text-align: center;\">Pinot noir \u2026 8\u20ac<\/p><p>\u00a0<\/p><p style=\"text-align: center; background: #CF0A2C; color: #ffffff; padding: 0px 20px; margin: 0 auto 15px; max-width: fit-content;\">Nuestros vinos blancos \/ White wines<\/p><p style=\"text-align: center; line-height: 1em;\">40 vendimias sauvignon blanc \u2026 28\u20ac<br \/><span style=\"font-size: 0.8em;\">2021, D,O, Rueda, grape 100% Sauvignon blanc<\/span><\/p><p style=\"text-align: center; line-height: 1em;\">Palomo cojo \u2026 24\u20ac<br \/><span style=\"font-size: 0.8em;\">2022, D.O. Rueda, grape 100% Verdejo<\/span><\/p><p style=\"text-align: center; line-height: 1em;\">Albret \u00a0el \u00a0Alba, chardonnay \u2026 25\u20ac<br \/><span style=\"font-size: 0.8em;\">2021, D.O. Navarra, grape 100% chardonnay, aged 6 month in american oak<\/span><\/p><p style=\"text-align: center; line-height: 1em;\">Zarate albari\u00f1o \u2026 30\u20ac<br \/><span style=\"font-size: 0.8em;\">2022, D.O. Rias Baixas, grape 100% albari\u00f1o<\/span><\/p><p style=\"text-align: center; line-height: 1em;\">Ram\u00f3n do Casar ,treixadura \u2026 29\u20ac<br \/><span style=\"font-size: 0.8em;\">2022, D.O. Ribeiro, grape 100% Treixadura<\/span><\/p><p style=\"text-align: center; line-height: 1em;\">El Grifo seco \u2026 29\u20ac<br \/><span style=\"font-size: 0.8em;\">2022, D.O. Lanzarote, grape 100 Malvasia volcanina<\/span><\/p><p style=\"text-align: center; line-height: 1em;\">Castillo de miraflores semidulce \u2026 22\u20ac<br \/><span style=\"font-size: 0.8em;\">2021, D.O. Rueda, grape 100 Verdejo<\/span><\/p><p style=\"text-align: center; line-height: 1em;\">O luar do sil, godello \u2026 28\u20ac<br \/><span style=\"font-size: 0.8em;\">2021, D.O. Valdeorras, bodega\u00a0 Pago de los capellanes, grape 100% godello<\/span><\/p><p>\u00a0<\/p><p style=\"text-align: center; background: #CF0A2C; color: #ffffff; padding: 0px 20px; margin: 0 auto 15px; max-width: fit-content;\">Vinos blancos Por copa \/ White wines by glass<\/p><p style=\"text-align: center;\">Sauvignon blanc \u2026 7\u20ac<\/p><p style=\"text-align: center;\">Chardonnay \u2026 7\u20ac<\/p><p style=\"text-align: center;\">Verdejo seco \u2026 6\u20ac<\/p><p style=\"text-align: center;\">Verdejo semidulce \u2026 6\u20ac<\/p><p style=\"text-align: center;\">Albari\u00f1o \u2026 7\u20ac<\/p><p style=\"text-align: center;\">Ribeiro \u2026 7\u20ac<\/p><p style=\"text-align: center;\">Godello \u2026 7\u20ac<\/p><p style=\"text-align: center;\">Malvasia volc\u00e1nica \u2026 7\u20ac<\/p><p>\u00a0<\/p><p style=\"text-align: center; background: #CF0A2C; color: #ffffff; padding: 0px 20px; margin: 0 auto 15px; max-width: fit-content;\">Nuestros vinos rosados\/ Ros\u00e9 wines<\/p><p style=\"text-align: center;\">Larrosa, bodegas izadi 100% garnacha ( do Rioja) \u2026 27\u20ac<\/p><p style=\"text-align: center;\">Las Fincas, Chivite ( Garnacha y tempranillo ) \u2026 27\u20ac<\/p><p style=\"text-align: center;\">by glass \u2026 7\u20ac<\/p><p>\u00a0<\/p><p style=\"text-align: center; background: #CF0A2C; color: #ffffff; padding: 0px 20px; margin: 0 auto 15px; max-width: fit-content;\">Vinos espumosos y champagne \/ sparling wines and champagne<\/p><p style=\"text-align: center;\">Raventos i blanc ,Blanc de Blancs(cava; macabeo, xarel-lo, parellada) \u2026 32\u20ac<\/p><p style=\"text-align: center;\">De nit Ros\u00e9 Raventos i blancs (\u00a0 Cava, ECOLOGIC) \u2026 34\u20ac<\/p><p style=\"text-align: center;\">Pitello brut nature ( S. Sadurn\u00ed de noia ) \u2026 27,50\u20ac<\/p><p style=\"text-align: center;\">by glass \u2026 7\u20ac<\/p><p style=\"text-align: center;\">Baron Fuente Grande R\u00e9serve ( Champagne) Pinot meunier, Noir , Chardonnay \u2026 65\u20ac<\/p><p style=\"text-align: center;\">by glass \u2026 12\u20ac<\/p><p>\u00a0<\/p><p style=\"text-align: center; background: #CF0A2C; color: #ffffff; padding: 0px 20px; margin: 0 auto 15px; max-width: fit-content;\">Dessert sweet wines by glass<\/p><p style=\"text-align: center;\">Apasionado, Jos\u00e9 pariente ( 100% Sauvignon blanc D.O. Rueda) \u2026 7\u20ac<\/p><p style=\"text-align: center;\">Humboldt, tinto dulce ( listan negro100% D.O.Tacoronte) \u2026 9\u20ac<\/p><p style=\"text-align: center;\">Don PX ( 100% Pedro Ximenez, D.O. Montilla Moriles) \u2026 9\u20ac<\/p><p style=\"text-align: center;\">Royal Cream \u00a0( Oloroso y Pedro Ximenez, D.O. Jerez) \u2026 7\u20ac<\/p><p>\u00a0<\/p><p style=\"text-align: center; background: #CF0A2C; color: #ffffff; padding: 0px 20px; margin: 0 auto 15px; max-width: fit-content;\">Cervezas \/ BEERS<\/p><p style=\"text-align: center;\">Heineken ( Holland ) 33cl \u2026 4\u20ac<\/p><p style=\"text-align: center;\">Dorada especial Roja ( Espa\u00f1a ) 33cl \u2026 4\u20ac<\/p><p style=\"text-align: center;\">Alhambra reserva, etiqueta roja ( Espa\u00f1a )33cl \u2026 4\u20ac<\/p><p style=\"text-align: center;\">1906 reserva vintage, 33cl ( Espa\u00f1a ) \u2026 4\u20ac<\/p><p>\u00a0<\/p><p style=\"text-align: center; background: #CF0A2C; color: #ffffff; padding: 0px 20px; margin: 0 auto 15px; max-width: fit-content;\">Vermut Premium: by glass<\/p><p style=\"text-align: center; line-height: 1em;\">LUSTAU ( Jerez) blanco o rojo ; red or white \u2026 6\u20ac<br \/><span style=\"font-size: 0.8em;\">Made from a dry amontillado and a sweet Pedro Ximenez.<\/span><\/p><p style=\"text-align: center; line-height: 1em;\">St Petroni\u00a0 ( Rias Baixas,)\u00a0 rojo o blanco, red or White \u2026 6\u20ac<br \/><span style=\"font-size: 0.8em;\">Made from Albari\u00f1o wine and macerated with 29 botanicals,<\/span><\/p><p style=\"text-align: center; line-height: 1em;\">Yzaguirre reserva (Tarragona) <span style=\"font-size: 0.8em;\">Rojo o blanco \/ red or white \u2026 7\u20ac<br \/>notes of wood, herbs and spices.\u00a0 twelve months aged<\/span><\/p><p style=\"text-align: center; line-height: 1em;\">Bocamanga barrica\u00a0 ( Madrid ) \u2026 6\u20ac<br \/><span style=\"font-size: 0.8em;\">Made with Airen and Tempranillo grapes with 12 botanicals<\/span><\/p><p>\u00a0<\/p><p style=\"text-align: center; background: #CF0A2C; color: #ffffff; padding: 0px 20px; margin: 0 auto 15px; max-width: fit-content;\">Aperitives cocktails \/ cocteles de aperitivo<\/p><p style=\"text-align: center;\">Aperol spritz) \u2026 8,5\u20ac<\/p><p style=\"text-align: center; line-height: 1em;\">Campari Orange \/ spritz \u2026 8,5\u20ac<br \/><span style=\"font-size: 0.8em;\">aperol, cava, soda, hielo, naranja, campari, Orange juice or cava, hielo<\/span><\/p><p style=\"text-align: center;\">Kir royal \u2026 8,5\u20ac<\/p><p style=\"text-align: center; line-height: 1em;\">Bellini \u2026 8,5\u20ac<br \/><span style=\"font-size: 0.8em;\">cava, licor cassis Cava and apricot juice<\/span><\/p><p style=\"text-align: center;\">Mimosa \u2026 8,5\u20ac<\/p><p style=\"text-align: center; line-height: 1em;\">Negroni \/ negroski \u2026 9\u20ac<br \/><span style=\"font-size: 0.8em;\">Cava , naranja, vermout, camoari, gin\/vodka<\/span><\/p><p style=\"text-align: center;\">Americano \u2026 9\u20ac<\/p><p style=\"text-align: center;\">Tinto verano \u2026 8\u20ac<\/p><p style=\"text-align: center; line-height: 1em;\">Vermout, campari, soda w\u00e1ter, red wine, lemonade,ice Chardonnay sprittzter \u2026 8\u20ac<br \/><span style=\"font-size: 0.8em;\">Chardonnay wine, soda , fresh mint and lemon<\/span><\/p><\/div>\n\t\t\t\t\t\t\t<\/div>\n\t\t<\/div>\n\t\t\t\t\t\t<\/div>\n\t\t\t\t<\/div>\n\t\t\t\t\t<\/div>\n\t\t<\/div>\n\t\t\t\t\t<\/div>\n\t\t<\/section>\n\t\t\t\t<section class=\"elementor-section elementor-top-section elementor-element elementor-element-ac93656 elementor-section-height-min-height elementor-section-boxed elementor-section-height-default elementor-section-items-middle\" data-id=\"ac93656\" data-element_type=\"section\" data-settings=\"{&quot;background_background&quot;:&quot;classic&quot;}\">\n\t\t\t\t\t\t<div class=\"elementor-container elementor-column-gap-default\">\n\t\t\t\t\t<div class=\"elementor-column elementor-col-100 elementor-top-column elementor-element elementor-element-30aa006\" data-id=\"30aa006\" data-element_type=\"column\">\n\t\t\t<div class=\"elementor-widget-wrap\">\n\t\t\t\t\t\t\t<\/div>\n\t\t<\/div>\n\t\t\t\t\t<\/div>\n\t\t<\/section>\n\t\t\t\t<\/div>\n\t\t","protected":false},"excerpt":{"rendered":"<p>Nos entr\u00e9es De la mer Nos viandes Accompagnements Desserts Menu d\u00e9gustation Menu du jour Vins et Bi\u00e8res Nos entr\u00e9es Cr\u00e8me de volaille et champignons au parfum de feuille de lime kafir, d&#8217;herbes et d&#8217;\u00e9pices orientales \u2026 11\u20ac Poulpe brais\u00e9 avec pur\u00e9e de betteraves r\u00f4ties, tomates cerises r\u00f4ties, a\u00efoli \u00e0 l&#8217;encre et pommes de terre au [&hellip;]<\/p>\n","protected":false},"author":2,"featured_media":0,"parent":0,"menu_order":0,"comment_status":"closed","ping_status":"closed","template":"elementor_header_footer","meta":{"footnotes":""},"class_list":["post-201","page","type-page","status-publish","hentry"],"yoast_head":"<!-- This site is optimized with the Yoast SEO plugin v26.0 - https:\/\/yoast.com\/wordpress\/plugins\/seo\/ -->\n<title>Menu - Calma Chicha<\/title>\n<meta name=\"robots\" content=\"index, follow, max-snippet:-1, max-image-preview:large, max-video-preview:-1\" \/>\n<link rel=\"canonical\" href=\"https:\/\/cartacalmachicha.com\/fr\/inicio\/\" \/>\n<meta property=\"og:locale\" content=\"fr_FR\" \/>\n<meta property=\"og:type\" content=\"article\" \/>\n<meta property=\"og:title\" content=\"Menu - Calma Chicha\" \/>\n<meta property=\"og:description\" content=\"Nos entr\u00e9es De la mer Nos viandes Accompagnements Desserts Menu d\u00e9gustation Menu du jour Vins et Bi\u00e8res Nos entr\u00e9es Cr\u00e8me de volaille et champignons au parfum de feuille de lime kafir, d&#8217;herbes et d&#8217;\u00e9pices orientales \u2026 11\u20ac Poulpe brais\u00e9 avec pur\u00e9e de betteraves r\u00f4ties, tomates cerises r\u00f4ties, a\u00efoli \u00e0 l&#8217;encre et pommes de terre au [&hellip;]\" \/>\n<meta property=\"og:url\" content=\"https:\/\/cartacalmachicha.com\/fr\/inicio\/\" \/>\n<meta property=\"og:site_name\" content=\"Calma Chicha\" \/>\n<meta property=\"article:modified_time\" content=\"2023-04-18T07:02:39+00:00\" \/>\n<meta name=\"twitter:card\" content=\"summary_large_image\" \/>\n<meta name=\"twitter:label1\" content=\"Dur\u00e9e de lecture estim\u00e9e\" \/>\n\t<meta name=\"twitter:data1\" content=\"7 minutes\" \/>\n<script type=\"application\/ld+json\" class=\"yoast-schema-graph\">{\"@context\":\"https:\/\/schema.org\",\"@graph\":[{\"@type\":\"WebPage\",\"@id\":\"https:\/\/cartacalmachicha.com\/fr\/inicio\/\",\"url\":\"https:\/\/cartacalmachicha.com\/fr\/inicio\/\",\"name\":\"Menu - Calma Chicha\",\"isPartOf\":{\"@id\":\"https:\/\/cartacalmachicha.com\/#website\"},\"datePublished\":\"2022-08-16T18:18:28+00:00\",\"dateModified\":\"2023-04-18T07:02:39+00:00\",\"breadcrumb\":{\"@id\":\"https:\/\/cartacalmachicha.com\/fr\/inicio\/#breadcrumb\"},\"inLanguage\":\"fr-FR\",\"potentialAction\":[{\"@type\":\"ReadAction\",\"target\":[\"https:\/\/cartacalmachicha.com\/fr\/inicio\/\"]}]},{\"@type\":\"BreadcrumbList\",\"@id\":\"https:\/\/cartacalmachicha.com\/fr\/inicio\/#breadcrumb\",\"itemListElement\":[{\"@type\":\"ListItem\",\"position\":1,\"name\":\"Home\",\"item\":\"https:\/\/cartacalmachicha.com\/\"},{\"@type\":\"ListItem\",\"position\":2,\"name\":\"Menu\"}]},{\"@type\":\"WebSite\",\"@id\":\"https:\/\/cartacalmachicha.com\/#website\",\"url\":\"https:\/\/cartacalmachicha.com\/\",\"name\":\"Calma Chicha\",\"description\":\"\",\"publisher\":{\"@id\":\"https:\/\/cartacalmachicha.com\/#organization\"},\"potentialAction\":[{\"@type\":\"SearchAction\",\"target\":{\"@type\":\"EntryPoint\",\"urlTemplate\":\"https:\/\/cartacalmachicha.com\/?s={search_term_string}\"},\"query-input\":{\"@type\":\"PropertyValueSpecification\",\"valueRequired\":true,\"valueName\":\"search_term_string\"}}],\"inLanguage\":\"fr-FR\"},{\"@type\":\"Organization\",\"@id\":\"https:\/\/cartacalmachicha.com\/#organization\",\"name\":\"Calma Chicha\",\"url\":\"https:\/\/cartacalmachicha.com\/\",\"logo\":{\"@type\":\"ImageObject\",\"inLanguage\":\"fr-FR\",\"@id\":\"https:\/\/cartacalmachicha.com\/#\/schema\/logo\/image\/\",\"url\":\"https:\/\/cartacalmachicha.com\/wp-content\/uploads\/2022\/08\/Logo-Calma-Chicha-BLANCO.png\",\"contentUrl\":\"https:\/\/cartacalmachicha.com\/wp-content\/uploads\/2022\/08\/Logo-Calma-Chicha-BLANCO.png\",\"width\":210,\"height\":220,\"caption\":\"Calma Chicha\"},\"image\":{\"@id\":\"https:\/\/cartacalmachicha.com\/#\/schema\/logo\/image\/\"}}]}<\/script>\n<!-- \/ Yoast SEO plugin. -->","yoast_head_json":{"title":"Menu - Calma Chicha","robots":{"index":"index","follow":"follow","max-snippet":"max-snippet:-1","max-image-preview":"max-image-preview:large","max-video-preview":"max-video-preview:-1"},"canonical":"https:\/\/cartacalmachicha.com\/fr\/inicio\/","og_locale":"fr_FR","og_type":"article","og_title":"Menu - Calma Chicha","og_description":"Nos entr\u00e9es De la mer Nos viandes Accompagnements Desserts Menu d\u00e9gustation Menu du jour Vins et Bi\u00e8res Nos entr\u00e9es Cr\u00e8me de volaille et champignons au parfum de feuille de lime kafir, d&#8217;herbes et d&#8217;\u00e9pices orientales \u2026 11\u20ac Poulpe brais\u00e9 avec pur\u00e9e de betteraves r\u00f4ties, tomates cerises r\u00f4ties, a\u00efoli \u00e0 l&#8217;encre et pommes de terre au [&hellip;]","og_url":"https:\/\/cartacalmachicha.com\/fr\/inicio\/","og_site_name":"Calma Chicha","article_modified_time":"2023-04-18T07:02:39+00:00","twitter_card":"summary_large_image","twitter_misc":{"Dur\u00e9e de lecture estim\u00e9e":"7 minutes"},"schema":{"@context":"https:\/\/schema.org","@graph":[{"@type":"WebPage","@id":"https:\/\/cartacalmachicha.com\/fr\/inicio\/","url":"https:\/\/cartacalmachicha.com\/fr\/inicio\/","name":"Menu - Calma Chicha","isPartOf":{"@id":"https:\/\/cartacalmachicha.com\/#website"},"datePublished":"2022-08-16T18:18:28+00:00","dateModified":"2023-04-18T07:02:39+00:00","breadcrumb":{"@id":"https:\/\/cartacalmachicha.com\/fr\/inicio\/#breadcrumb"},"inLanguage":"fr-FR","potentialAction":[{"@type":"ReadAction","target":["https:\/\/cartacalmachicha.com\/fr\/inicio\/"]}]},{"@type":"BreadcrumbList","@id":"https:\/\/cartacalmachicha.com\/fr\/inicio\/#breadcrumb","itemListElement":[{"@type":"ListItem","position":1,"name":"Home","item":"https:\/\/cartacalmachicha.com\/"},{"@type":"ListItem","position":2,"name":"Menu"}]},{"@type":"WebSite","@id":"https:\/\/cartacalmachicha.com\/#website","url":"https:\/\/cartacalmachicha.com\/","name":"Calma Chicha","description":"","publisher":{"@id":"https:\/\/cartacalmachicha.com\/#organization"},"potentialAction":[{"@type":"SearchAction","target":{"@type":"EntryPoint","urlTemplate":"https:\/\/cartacalmachicha.com\/?s={search_term_string}"},"query-input":{"@type":"PropertyValueSpecification","valueRequired":true,"valueName":"search_term_string"}}],"inLanguage":"fr-FR"},{"@type":"Organization","@id":"https:\/\/cartacalmachicha.com\/#organization","name":"Calma Chicha","url":"https:\/\/cartacalmachicha.com\/","logo":{"@type":"ImageObject","inLanguage":"fr-FR","@id":"https:\/\/cartacalmachicha.com\/#\/schema\/logo\/image\/","url":"https:\/\/cartacalmachicha.com\/wp-content\/uploads\/2022\/08\/Logo-Calma-Chicha-BLANCO.png","contentUrl":"https:\/\/cartacalmachicha.com\/wp-content\/uploads\/2022\/08\/Logo-Calma-Chicha-BLANCO.png","width":210,"height":220,"caption":"Calma Chicha"},"image":{"@id":"https:\/\/cartacalmachicha.com\/#\/schema\/logo\/image\/"}}]}},"_links":{"self":[{"href":"https:\/\/cartacalmachicha.com\/fr\/wp-json\/wp\/v2\/pages\/201","targetHints":{"allow":["GET"]}}],"collection":[{"href":"https:\/\/cartacalmachicha.com\/fr\/wp-json\/wp\/v2\/pages"}],"about":[{"href":"https:\/\/cartacalmachicha.com\/fr\/wp-json\/wp\/v2\/types\/page"}],"author":[{"embeddable":true,"href":"https:\/\/cartacalmachicha.com\/fr\/wp-json\/wp\/v2\/users\/2"}],"replies":[{"embeddable":true,"href":"https:\/\/cartacalmachicha.com\/fr\/wp-json\/wp\/v2\/comments?post=201"}],"version-history":[{"count":8,"href":"https:\/\/cartacalmachicha.com\/fr\/wp-json\/wp\/v2\/pages\/201\/revisions"}],"predecessor-version":[{"id":242,"href":"https:\/\/cartacalmachicha.com\/fr\/wp-json\/wp\/v2\/pages\/201\/revisions\/242"}],"wp:attachment":[{"href":"https:\/\/cartacalmachicha.com\/fr\/wp-json\/wp\/v2\/media?parent=201"}],"curies":[{"name":"wp","href":"https:\/\/api.w.org\/{rel}","templated":true}]}}